{"id":1369,"date":"2016-02-12T08:09:36","date_gmt":"2016-02-12T08:09:36","guid":{"rendered":"http:\/\/demos.famethemes.com\/onepress\/?page_id=17"},"modified":"2024-01-15T23:25:07","modified_gmt":"2024-01-15T22:25:07","slug":"our-history","status":"publish","type":"page","link":"https:\/\/mobiler-familienservice.de\/?page_id=1369","title":{"rendered":"Angebot zur Unterst\u00fctzung im Alltag"},"content":{"rendered":"\n<p class=\"has-black-color has-text-color has-link-color wp-elements-f29156a39fe80fd15a178d10ab264414\">Unser geschulter und engagierter Helferkreis unterst\u00fctzt Sie bei vielen allt\u00e4glichen Dingen. Ob Einkauf, ein Arztbesuch oder nur f\u00fcr einen Spaziergang, unsere Helferinnen gehen individuell auf Ihre Bed\u00fcrfnisse ein.\u00a0 <\/p>\n\n\n\n<p class=\"has-black-color has-text-color has-link-color wp-elements-84293cfd473faf85b16a24f05abf17a1\">Bei vorhandenem Pflegegrad ist die Abrechnung direkt mit der Pflegekasse m\u00f6glich.<\/p>\n\n\n\n<div class=\"wp-block-media-text has-media-on-the-right is-stacked-on-mobile\"><div class=\"wp-block-media-text__content\">\n<p class=\"has-vivid-red-color has-text-color has-link-color wp-elements-ea1a2cfac3a87445bf79afc87dcc7cbd\"><strong>Haushaltsnahe Dienstleistungen<\/strong><\/p>\n\n\n\n<ul class=\"wp-block-list\">\n<li>allt\u00e4gliche Reinigungsarbeiten im Wohnbereich<\/li>\n\n\n\n<li>W\u00e4sche waschen und b\u00fcgeln<\/li>\n\n\n\n<li>Einkauf (mit und ohne den Pflegebed\u00fcrftigen)<\/li>\n<\/ul>\n\n\n\n<p class=\"has-vivid-red-color has-text-color has-link-color wp-elements-0ddb792dbcc640d2936bf2397a0326a1\"><strong>Betreuung<\/strong><\/p>\n\n\n\n<ul class=\"wp-block-list\">\n<li>Spazierg\u00e4nge<\/li>\n\n\n\n<li>Unterhaltung<\/li>\n\n\n\n<li>Spielestunden<\/li>\n\n\n\n<li>begleitende Fahrten zum Arzt<\/li>\n\n\n\n<li>Ausfl\u00fcge<\/li>\n<\/ul>\n<\/div><figure class=\"wp-block-media-text__media\"><img loading=\"lazy\" decoding=\"async\" width=\"1024\" height=\"768\" src=\"https:\/\/mobiler-familienservice.de\/wp-content\/uploads\/2024\/01\/alltag-1024x768.jpg\" alt=\"\" class=\"wp-image-1599 size-full\" srcset=\"https:\/\/mobiler-familienservice.de\/wp-content\/uploads\/2024\/01\/alltag-1024x768.jpg 1024w, https:\/\/mobiler-familienservice.de\/wp-content\/uploads\/2024\/01\/alltag-300x225.jpg 300w, https:\/\/mobiler-familienservice.de\/wp-content\/uploads\/2024\/01\/alltag-768x576.jpg 768w, https:\/\/mobiler-familienservice.de\/wp-content\/uploads\/2024\/01\/alltag.jpg 1181w\" sizes=\"auto, (max-width: 1024px) 100vw, 1024px\" \/><\/figure><\/div>\n\n\n\n<p class=\"has-vivid-red-color has-text-color has-link-color wp-elements-1187226cf4fc8e355eaa1c1b92727fc4\"><strong>Kosten<\/strong><\/p>\n\n\n\n<p class=\"has-black-color has-text-color has-link-color wp-elements-bc004f6a19d9083254037348345e50dd\">Bei Abrechnung \u00fcber Entlastungsbetrag nach \u00a745a SGB XI: <strong>20,00 \u20ac \/ Stunde<\/strong><\/p>\n\n\n\n<p class=\"has-black-color has-text-color has-link-color wp-elements-990f369b8cdb6db40f75a6c027bab048\">Bei Abrechnung \u00fcber die Verhinderungspflege nach \u00a739 SGB XI: <strong>22,00 \u20ac \/ Stunde<\/strong><\/p>\n\n\n\n<p class=\"has-black-color has-text-color has-link-color wp-elements-fe61356d006477217d38a7861d95194f\">Selbstzahler (wenn kein Pflegegrad vorhanden): <strong>19,00 \u20ac \/ Stunde<\/strong><\/p>\n\n\n\n<p class=\"has-black-color has-text-color has-link-color wp-elements-86a87516336c5a5dffee5c70b1927878\">Fahrkosten f\u00fcr An- und Abfahrt, Arzt- und Besorgungsfahrten, etc.: <strong>0,30 \u20ac \/ Km<\/strong><\/p>\n","protected":false},"excerpt":{"rendered":"<p>Nullam ut tempor eros. Donec faucibus, velit et imperdiet aliquam, lacus velit luctus urna, vitae porttitor orci libero id felis.<\/p>\n","protected":false},"author":2,"featured_media":18,"parent":0,"menu_order":0,"comment_status":"closed","ping_status":"closed","template":"template-fullwidth.php","meta":{"footnotes":""},"class_list":["post-1369","page","type-page","status-publish","has-post-thumbnail","hentry"],"_links":{"self":[{"href":"https:\/\/mobiler-familienservice.de\/index.php?rest_route=\/wp\/v2\/pages\/1369","targetHints":{"allow":["GET"]}}],"collection":[{"href":"https:\/\/mobiler-familienservice.de\/index.php?rest_route=\/wp\/v2\/pages"}],"about":[{"href":"https:\/\/mobiler-familienservice.de\/index.php?rest_route=\/wp\/v2\/types\/page"}],"author":[{"embeddable":true,"href":"https:\/\/mobiler-familienservice.de\/index.php?rest_route=\/wp\/v2\/users\/2"}],"replies":[{"embeddable":true,"href":"https:\/\/mobiler-familienservice.de\/index.php?rest_route=%2Fwp%2Fv2%2Fcomments&post=1369"}],"version-history":[{"count":9,"href":"https:\/\/mobiler-familienservice.de\/index.php?rest_route=\/wp\/v2\/pages\/1369\/revisions"}],"predecessor-version":[{"id":1611,"href":"https:\/\/mobiler-familienservice.de\/index.php?rest_route=\/wp\/v2\/pages\/1369\/revisions\/1611"}],"wp:featuredmedia":[{"embeddable":true,"href":"https:\/\/mobiler-familienservice.de\/index.php?rest_route=\/"}],"wp:attachment":[{"href":"https:\/\/mobiler-familienservice.de\/index.php?rest_route=%2Fwp%2Fv2%2Fmedia&parent=1369"}],"curies":[{"name":"wp","href":"https:\/\/api.w.org\/{rel}","templated":true}]}}